{"id":358670,"date":"2021-11-29T15:45:13","date_gmt":"2021-11-29T15:45:13","guid":{"rendered":"https:\/\/www.elitax.com\/immatriculation-a-la-tva-francaise-des-entreprises-et-conformite-a-la-tva-pour-les-entreprises-basees-dans-lue\/"},"modified":"2025-04-04T10:52:46","modified_gmt":"2025-04-04T10:52:46","slug":"immatriculation-tva-francaise-conformite-tva-entreprises-basees-ue","status":"publish","type":"page","link":"https:\/\/www.elitax.com\/fr\/immatriculation-tva-francaise-conformite-tva-entreprises-basees-ue\/","title":{"rendered":"Enregistrement et mise en conformit\u00e9 de la TVA pour les entreprises de l&rsquo;UE"},"content":{"rendered":"<p>[et_pb_section fb_built=\u00a0\u00bb1&Prime; admin_label=\u00a0\u00bbHeader\u00a0\u00bb _builder_version=\u00a0\u00bb4.16&Prime; use_background_color_gradient=\u00a0\u00bbon\u00a0\u00bb background_color_gradient_stops=\u00a0\u00bbrgba(16,25,74,0.6) 0%|rgba(16,25,74,0.6) 100%\u00a0\u00bb background_color_gradient_overlays_image=\u00a0\u00bbon\u00a0\u00bb background_color_gradient_start=\u00a0\u00bbrgba(16,25,74,0.6)\u00a0\u00bb background_color_gradient_end=\u00a0\u00bbrgba(16,25,74,0.6)\u00a0\u00bb background_image=\u00a0\u00bbhttps:\/\/www.elitax.com\/wp-content\/uploads\/2021\/11\/e-seller-banner.png\u00a0\u00bb custom_padding=\u00a0\u00bb||||false|false\u00a0\u00bb locked=\u00a0\u00bboff\u00a0\u00bb global_colors_info=\u00a0\u00bb{}\u00a0\u00bb][et_pb_row _builder_version=\u00a0\u00bb4.16&Prime; global_colors_info=\u00a0\u00bb{}\u00a0\u00bb][et_pb_column type=\u00a0\u00bb4_4&Prime; _builder_version=\u00a0\u00bb4.16&Prime; global_colors_info=\u00a0\u00bb{}\u00a0\u00bb][et_pb_text _builder_version=\u00a0\u00bb4.16&Prime; _dynamic_attributes=\u00a0\u00bbcontent\u00a0\u00bb header_font=\u00a0\u00bbDarker Grotesque|900|||||||\u00a0\u00bb header_font_size=\u00a0\u00bb100px\u00a0\u00bb background_layout=\u00a0\u00bbdark\u00a0\u00bb custom_margin=\u00a0\u00bb||||false|false\u00a0\u00bb header_font_size_tablet=\u00a0\u00bb70px\u00a0\u00bb header_font_size_phone=\u00a0\u00bb41px\u00a0\u00bb header_font_size_last_edited=\u00a0\u00bbon|phone\u00a0\u00bb global_colors_info=\u00a0\u00bb{}\u00a0\u00bb]@ET-DC@eyJkeW5hbWljIjp0cnVlLCJjb250ZW50IjoicG9zdF90aXRsZSIsInNldHRpbmdzIjp7ImJlZm9yZSI6IjxoMT4iLCJhZnRlciI6IjwvaDE+In19@[\/et_pb_text][\/et_pb_column][\/et_pb_row][\/et_pb_section][et_pb_section fb_built=\u00a0\u00bb1&Prime; _builder_version=\u00a0\u00bb4.16&Prime; _module_preset=\u00a0\u00bbdefault\u00a0\u00bb custom_padding=\u00a0\u00bb0px||0px|||\u00a0\u00bb global_colors_info=\u00a0\u00bb{}\u00a0\u00bb][et_pb_row _builder_version=\u00a0\u00bb4.16&Prime; _module_preset=\u00a0\u00bbdefault\u00a0\u00bb custom_padding=\u00a0\u00bb||0px|||\u00a0\u00bb global_colors_info=\u00a0\u00bb{}\u00a0\u00bb][et_pb_column type=\u00a0\u00bb4_4&Prime; _builder_version=\u00a0\u00bb4.16&Prime; _module_preset=\u00a0\u00bbdefault\u00a0\u00bb global_colors_info=\u00a0\u00bb{}\u00a0\u00bb][et_pb_dmb_breadcrumbs use_home_icon=\u00a0\u00bboff\u00a0\u00bb _builder_version=\u00a0\u00bb4.16&Prime; _module_preset=\u00a0\u00bbdefault\u00a0\u00bb body_text_color=\u00a0\u00bb#757DA8&Prime; separator_text_color=\u00a0\u00bb#10194A\u00a0\u00bb link_text_color=\u00a0\u00bb#10194A\u00a0\u00bb linkhover_text_color=\u00a0\u00bb#CE9F68&Prime; global_colors_info=\u00a0\u00bb{}\u00a0\u00bb][\/et_pb_dmb_breadcrumbs][\/et_pb_column][\/et_pb_row][\/et_pb_section][et_pb_section fb_built=\u00a0\u00bb1&Prime; admin_label=\u00a0\u00bbAbout\u00a0\u00bb _builder_version=\u00a0\u00bb4.16&Prime; global_colors_info=\u00a0\u00bb{}\u00a0\u00bb][et_pb_row column_structure=\u00a0\u00bb2_3,1_3&Prime; _builder_version=\u00a0\u00bb4.16&Prime; global_colors_info=\u00a0\u00bb{}\u00a0\u00bb][et_pb_column type=\u00a0\u00bb2_3&Prime; _builder_version=\u00a0\u00bb4.16&Prime; global_colors_info=\u00a0\u00bb{}\u00a0\u00bb][et_pb_text _builder_version=\u00a0\u00bb4.16&Prime; text_font=\u00a0\u00bbDarker Grotesque|600|||||||\u00a0\u00bb text_text_color=\u00a0\u00bb#10194A\u00a0\u00bb text_font_size=\u00a0\u00bb18px\u00a0\u00bb text_line_height=\u00a0\u00bb1.4em\u00a0\u00bb link_text_color=\u00a0\u00bb#CE9F68&Prime; header_2_font=\u00a0\u00bb|800|||||||\u00a0\u00bb header_2_text_color=\u00a0\u00bb#10194A\u00a0\u00bb global_colors_info=\u00a0\u00bb{}\u00a0\u00bb]<\/p>\n<p><span lang=\"EN-US\">Depuis le 1er Janvier 2016, la loi fran\u00e7aise a chang\u00e9 pour un ensemble de soci\u00e9t\u00e9s \u00e9trang\u00e8res bas\u00e9es en Europe. Elle concerne les soci\u00e9t\u00e9s \u00e9trang\u00e8res qui vendent des produits et services en France depuis d\u2019autres pays [vente \u00e0 distance].[distance selling] Elle s\u2019applique aussi bien aux ventes normales qu\u2019aux ventes en ligne ou \u00e0 distance.<\/span><\/p>\n<p><span lang=\"EN-US\"> <\/span><\/p>\n<p><span><b><span lang=\"EN-GB\">Nouvelles r\u00e8gles pour les entreprises bas\u00e9es dans l\u2019union europ\u00e9ennes<\/span><\/b><\/span><\/p>\n<p><span lang=\"EN-US\">La nouvelle loi aura un impact sur un ensemble de soci\u00e9t\u00e9s bas\u00e9es dans l\u2019Union Europ\u00e9enne qui vendent leurs produits en France.<\/span><\/p>\n<p><span lang=\"EN-US\">Actuellement les soci\u00e9t\u00e9s bas\u00e9es dans l\u2019Union Europ\u00e9enne qui vendent en France sont tenues de s\u2019immatriculer \u00e0 la TVA quand leur chiffre d\u2019affaires li\u00e9 aux ventes effectu\u00e9es en France d\u00e9passe un seuil annuel de 100 000 euros. Avec la nouvelle l\u00e9gislation, ce seuil est pass\u00e9 \u00e0 35 000 euros par an.<\/span><\/p>\n<p><span lang=\"EN-US\">Les soci\u00e9t\u00e9s bas\u00e9es dans l\u2019Union Europ\u00e9ennes devront s\u2019immatriculer \u00e0 la TVA en France si leur chiffre d\u2019affaire sur l\u2019ann\u00e9e d\u00e9passe le nouveau seuil fix\u00e9 (35 000euros). Elles devront payer la TVA due en France en fonction des ventes qui y sont r\u00e9alis\u00e9es.<\/span><\/p>\n<p><span lang=\"EN-US\"> <\/span><\/p>\n<p><span><b><span lang=\"EN-GB\">Repr\u00e9sentant fiscal<\/span><\/b><\/span><\/p>\n<p><span lang=\"EN-US\">Les soci\u00e9t\u00e9s de vente en ligne bas\u00e9es dans l\u2019Union Europ\u00e9enne qui auront d\u00e9pass\u00e9 le seuil de 35 000 euros de vente ont le choix :<\/span><\/p>\n<p><span><span lang=\"EN-US\">\u2013<\/span><span lang=\"EN-US\"> <\/span><span lang=\"EN-US\">Soit de d\u00e9clarer elles-m\u00eames la TVA collect\u00e9e sur leurs ventes r\u00e9alis\u00e9es en France et payer la TVA soit mensuellement ou trimestriellement \u00e0 l\u2019administration fiscale fran\u00e7aise. <\/span><\/span><\/p>\n<p><span><span lang=\"EN-US\">\u2013<\/span><span lang=\"EN-US\"> <\/span><span lang=\"EN-US\">Ou de d\u00e9signer un repr\u00e9sentant fiscal en France qui immatriculera leur soci\u00e9t\u00e9, fera les d\u00e9clarations de TVA et sera charg\u00e9e du payement de la TVA.<\/span><\/span><\/p>\n<p><span lang=\"EN-US\">Le repr\u00e9sentant fiscal devra :<\/span><\/p>\n<p><span><span lang=\"EN-US\">\u00b7<\/span><span lang=\"EN-US\"> <\/span><span lang=\"EN-US\">Aider \u00e0 l\u2019immatriculation \u00e0 la TVA<\/span><\/span><\/p>\n<p><span><span lang=\"EN-US\">\u00b7<\/span><span lang=\"EN-US\"> <\/span><span lang=\"EN-US\">Aider \u00e0 respecter les r\u00e8gles et lois en mati\u00e8re de TVA<\/span><\/span><\/p>\n<p><span><span lang=\"EN-US\">\u00b7<\/span><span lang=\"EN-US\"> <\/span><span lang=\"EN-US\">Aider \u00e0 la pr\u00e9paration des documents n\u00e9cessaires dans les temps requis <\/span><\/span><\/p>\n<p><span><span lang=\"EN-US\">\u00b7<\/span><span lang=\"EN-US\"> <\/span><span lang=\"EN-US\">Am\u00e9liorer la compr\u00e9hension des soci\u00e9t\u00e9s en ce qui concerne la TVA en France<\/span><\/span><\/p>\n<p><span><span lang=\"EN-US\">\u00b7<\/span><span lang=\"EN-US\"> <\/span><span lang=\"EN-US\">Tenir les soci\u00e9t\u00e9s inform\u00e9es des changements en mati\u00e8re de TVA <\/span><\/span><\/p>\n<p><span><span lang=\"EN-US\">\u00b7<\/span><span lang=\"EN-US\"> <\/span><span lang=\"EN-US\">Assurer la bonne r\u00e9putation de l\u2019entreprise<\/span><\/span><\/p>\n<p><span><span lang=\"EN-US\">\u00b7<\/span><span lang=\"EN-US\"> <\/span><span lang=\"EN-US\">G\u00e9rer l\u2019ensemble des formalit\u00e9s administratives en mati\u00e8re de TVA<\/span><\/span><\/p>\n<p><span><span lang=\"EN-US\">\u00b7<\/span><span lang=\"EN-US\"> <\/span><span lang=\"EN-US\">S\u2019assurer que la soci\u00e9t\u00e9 r\u00e9pond \u00e0 toutes les obligations en mati\u00e8re de TVA<\/span><\/span><\/p>\n<p><span lang=\"EN-US\"> <\/span><\/p>\n<p><a name=\"_Hlk492548162\"><\/a><span><b><span lang=\"EN-GB\">Service d\u2019immatriculation \u00e0 la TVA d\u2019Elitax<\/span><\/b><\/span><\/p>\n<p><span><span lang=\"EN-GB\">Elitax a d\u00e9velopp\u00e9 au cours des ann\u00e9es une expertise et une exp\u00e9rience solide en ce qui concerne l\u2019immatriculation \u00e0 la TVA des entreprises \u00e9trang\u00e8res en France.<\/span><b><\/b><\/span><\/p>\n<p><span><span lang=\"EN-GB\">Elitax pourra :<\/span><b><\/b><\/span><\/p>\n<p><span><b><span lang=\"EN-GB\">\u00b7<\/span><\/b><span lang=\"EN-GB\"> <\/span><span lang=\"EN-GB\">S\u2019assurer que votre soci\u00e9t\u00e9 r\u00e9pond \u00e0 la l\u00e9gislation en mati\u00e8re de TVA en France<\/span><b><\/b><\/span><\/p>\n<p><span><b><span lang=\"EN-GB\">\u00b7<\/span><\/b><span lang=\"EN-GB\"> <\/span><span lang=\"EN-GB\">Faciliter les premiers pas de votre immatriculation \u00e0 la TVA<\/span><b><\/b><\/span><\/p>\n<p><span><b><span lang=\"EN-GB\">\u00b7<\/span><\/b><span lang=\"EN-GB\"> <\/span><span lang=\"EN-GB\">G\u00e9rer vos relations, d\u00e9clarations et correspondances avec les diff\u00e9rentes administrations fran\u00e7aises aussi bien au niveau local que national<\/span><b><\/b><\/span><\/p>\n<p><span lang=\"EN-US\"> <\/span><\/p>\n<p><span><b><span lang=\"EN-GB\">Le respect des r\u00e8gles en mati\u00e8re de TVA. Le respect des r\u00e8gles en mati\u00e8re de TVA pour les soci\u00e9t\u00e9s bas\u00e9s dans l\u2019Union Europ\u00e9enne implique :<\/span><\/b><\/span><\/p>\n<p><span><span lang=\"EN-US\">\u00b7<\/span><span lang=\"EN-US\"> <\/span><span lang=\"EN-US\">La conformit\u00e9 pour les entreprises bas\u00e9es dans l&rsquo;UE implique :<\/span><\/span><\/p>\n<p><span><span lang=\"EN-US\">\u00b7<\/span><span lang=\"EN-US\"> <\/span><span lang=\"EN-US\">Apr\u00e8s l\u2019immatriculation \u00e0 la TVA en France par un agent des finances publiques, la TVA calcul\u00e9e sur les ventes d\u2019un montant sup\u00e9rieur \u00e0 35 000 euros est due en France alors que pour les ventes d\u2019un montant inf\u00e9rieur \u00e0 35 000 euros, la TVA sera due dans le pays de r\u00e9sidence de l\u2019entreprise.<\/span><\/span><\/p>\n<p><span><span lang=\"EN-US\">\u00b7<\/span><span lang=\"EN-US\"> <\/span><span lang=\"EN-US\">Les soci\u00e9t\u00e9s doivent soumettre une d\u00e9claration mensuelle de TVA lorsque le montant total de leur TVA due en France sur une ann\u00e9e est sup\u00e9rieure \u00e0 15000 euros<\/span><\/span><\/p>\n<p><span><span lang=\"EN-US\">\u00b7<\/span><span lang=\"EN-US\"> <\/span><span lang=\"EN-US\">Si le montant de la TVA est inf\u00e9rieure \u00e0 15 000 euros, alors elles sont autoris\u00e9es \u00e0 remplir des d\u00e9clarations trimestrielles<\/span><\/span><\/p>\n<p><span><span lang=\"EN-US\">\u00b7<\/span><span lang=\"EN-US\"> <\/span><span lang=\"EN-US\">Elles doivent donc payer la TVA mensuellement ou trimestriellement \u00e0 l\u2019administration fiscale.<\/span><\/span><\/p>\n<p><span lang=\"EN-US\"> <\/span><\/p>\n<p><span><b><span lang=\"EN-GB\">Service d\u2019immatriculation \u00e0 la TVA d\u2019elitax<\/span><\/b><\/span><\/p>\n<p><span><span lang=\"EN-GB\">Elitax a d\u00e9velopp\u00e9 au cours des ann\u00e9es une expertise et une exp\u00e9rience solide en ce qui concerne l\u2019immatriculation \u00e0 la TVA des entreprises \u00e9trang\u00e8res en France.<\/span><b><\/b><\/span><\/p>\n<p><span><span lang=\"EN-GB\">Elitax pourra :<\/span><b><\/b><\/span><\/p>\n<p><span><b><span lang=\"EN-GB\">\u00b7<\/span><\/b><span lang=\"EN-GB\"> <\/span><span lang=\"EN-GB\">S\u2019assurer que votre soci\u00e9t\u00e9 r\u00e9pond \u00e0 la l\u00e9gislation en mati\u00e8re de TVA en France<\/span><b><\/b><\/span><\/p>\n<p><span><b><span lang=\"EN-GB\">\u00b7<\/span><\/b><span lang=\"EN-GB\"> <\/span><span lang=\"EN-GB\"> Faciliter les premiers pas de votre immatriculation \u00e0 la TVA <\/span><b><span lang=\"EN-US\">\u2013 <\/span><\/b><span lang=\"EN-GB\">les d\u00e9clarations de TVA mensuelles ou trimestrielles et s&rsquo;assurer que le montant de la TVA est pay\u00e9 en temps voulu (pour \u00e9viter les amendes et les int\u00e9r\u00eats de retard)<\/span><b><\/b><\/span><\/p>\n<p><span><b><span lang=\"EN-GB\">\u00b7<\/span><\/b><span lang=\"EN-GB\"> <\/span><span lang=\"EN-GB\">G\u00e9rer vos relations, d\u00e9clarations et correspondances avec les diff\u00e9rentes administrations fran\u00e7aises aussi bien au niveau local que national<\/span><b><\/b><\/span><\/p>\n<p><span><b><span lang=\"EN-GB\">\u00b7<\/span><\/b><span lang=\"EN-GB\"> <\/span><span lang=\"EN-GB\">Traiter toutes les communications de ces autorit\u00e9s \u00e0 votre entreprise en mati\u00e8re de TVA , y compris les contr\u00f4les fiscaux<\/span><b><\/b><\/span><\/p>\n<p><span lang=\"EN-GB\"> <\/span><\/p>\n<p><span><b><span lang=\"EN-GB\">Le co\u00fbt d\u2019une immatriculation \u00e0 la TVA avec elitax<\/span><\/b><\/span><\/p>\n<p><span><span lang=\"EN-GB\">Les prix que nous pratiquons pour l\u2019immatriculation \u00e0 la TVA sont reconnus abordables. Adapt\u00e9s \u00e0 tous types d\u2019entreprises (petites, moyennes et grandes)<\/span><b><\/b><\/span><\/p>\n<p><span><span lang=\"EN-GB\">En fonction du volume et de la port\u00e9e des ventes en France<\/span><b><\/b><\/span><\/p>\n<p><span><span lang=\"EN-GB\">Li\u00e9s \u00e0 un service complet offert aux soci\u00e9t\u00e9s pour le respect des r\u00e8gles en mati\u00e8re de TVA en France<\/span><\/span><\/p>\n<p>[\/et_pb_text][\/et_pb_column][et_pb_column type=\u00a0\u00bb1_3&Prime; _builder_version=\u00a0\u00bb4.16&Prime; global_colors_info=\u00a0\u00bb{}\u00a0\u00bb][et_pb_text _builder_version=\u00a0\u00bb4.24.0&Prime; _module_preset=\u00a0\u00bbdefault\u00a0\u00bb text_font=\u00a0\u00bb|800|||||||\u00a0\u00bb background_color=\u00a0\u00bb#DDCCB8&Prime; min_height=\u00a0\u00bb500px\u00a0\u00bb custom_margin=\u00a0\u00bb||0px||false|false\u00a0\u00bb custom_padding=\u00a0\u00bb30px|20px||20px|false|true\u00a0\u00bb saved_tabs=\u00a0\u00bball\u00a0\u00bb global_colors_info=\u00a0\u00bb{}\u00a0\u00bb]<\/p>\n<div class=\"pipedriveWebForms\" data-pd-webforms=\"https:\/\/webforms.pipedrive.com\/f\/1wDI4wM8KQ7PJuZayQfg3gnmigRnWVgnnsDxsGchV0p2DjgSIVpGI0d2v5fCFmMuf\">\n<script src=\"https:\/\/webforms.pipedrive.com\/f\/loader\"><\/script>\n<\/div>\n<p>[\/et_pb_text][et_pb_text _builder_version=\u00a0\u00bb4.24.0&Prime; _module_preset=\u00a0\u00bbdefault\u00a0\u00bb text_font=\u00a0\u00bbMontserrat||||||||\u00a0\u00bb text_text_color=\u00a0\u00bbrgba(55,55,55,0.65)\u00a0\u00bb text_font_size=\u00a0\u00bb11px\u00a0\u00bb text_line_height=\u00a0\u00bb1.4em\u00a0\u00bb background_color=\u00a0\u00bb#DDCCB8&Prime; custom_padding=\u00a0\u00bb|15px|15px|15px|false|true\u00a0\u00bb global_module=\u00a0\u00bb360939&Prime; global_colors_info=\u00a0\u00bb{}\u00a0\u00bb]<\/p>\n<p>Ne communiquez jamais d&rsquo;informations sensibles (num\u00e9ros de carte de cr\u00e9dit, num\u00e9ros de s\u00e9curit\u00e9 sociale, mots de passe) par le biais de ce formulaire.<\/p>\n<p>Ce site est prot\u00e9g\u00e9 par reCAPTCHA et les <a href=\"https:\/\/policies.google.com\/privacy?hl=fr\">R\u00e8gles de confidentialit\u00e9<\/a> et <a href=\"https:\/\/policies.google.com\/terms?hl=fr\">Conditions d&rsquo;Utilisation<\/a> de Google s&rsquo;appliquent.<\/p>\n<p>[\/et_pb_text][et_pb_cta title=\u00a0\u00bbLaissez-nous vous aider avec les syst\u00e8mes fiscaux fran\u00e7ais\u00a0\u00bb button_url=\u00a0\u00bb#\u00a0\u00bb button_text=\u00a0\u00bbPlanifiez un rendez-vous\u00a0\u00bb module_id=\u00a0\u00bboverlay_unique_id_360132&Prime; _builder_version=\u00a0\u00bb4.14.4&Prime; _module_preset=\u00a0\u00bbdefault\u00a0\u00bb header_font=\u00a0\u00bbDarker Grotesque|900|||||||\u00a0\u00bb header_font_size=\u00a0\u00bb30px\u00a0\u00bb body_font=\u00a0\u00bbDarker Grotesque||||||||\u00a0\u00bb body_font_size=\u00a0\u00bb24px\u00a0\u00bb background_color=\u00a0\u00bb#757DA8&Prime; custom_button=\u00a0\u00bbon\u00a0\u00bb button_text_size=\u00a0\u00bb20px\u00a0\u00bb button_border_radius=\u00a0\u00bb2px\u00a0\u00bb button_letter_spacing=\u00a0\u00bb2px\u00a0\u00bb button_font=\u00a0\u00bbDarker Grotesque|900||on|||||\u00a0\u00bb sticky_position=\u00a0\u00bbtop\u00a0\u00bb sticky_offset_top=\u00a0\u00bb120px\u00a0\u00bb sticky_limit_bottom=\u00a0\u00bbsection\u00a0\u00bb header_font_size_tablet=\u00a0\u00bb30px\u00a0\u00bb header_font_size_phone=\u00a0\u00bb30px\u00a0\u00bb header_font_size_last_edited=\u00a0\u00bbon|phone\u00a0\u00bb global_module=\u00a0\u00bb360150&Prime; saved_tabs=\u00a0\u00bball\u00a0\u00bb global_colors_info=\u00a0\u00bb{}\u00a0\u00bb]<\/p>\n<p>Contactez nos experts fiscaux bilingues bas\u00e9s \u00e0 Paris.<\/p>\n<p>[\/et_pb_cta][\/et_pb_column][\/et_pb_row][\/et_pb_section][et_pb_section fb_built=\u00a0\u00bb1&Prime; _builder_version=\u00a0\u00bb4.16&Prime; _module_preset=\u00a0\u00bbdefault\u00a0\u00bb global_colors_info=\u00a0\u00bb{}\u00a0\u00bb][et_pb_row _builder_version=\u00a0\u00bb4.16&Prime; max_width=\u00a0\u00bb750px\u00a0\u00bb module_alignment=\u00a0\u00bbcenter\u00a0\u00bb saved_tabs=\u00a0\u00bball\u00a0\u00bb global_colors_info=\u00a0\u00bb{}\u00a0\u00bb][et_pb_column type=\u00a0\u00bb4_4&Prime; _builder_version=\u00a0\u00bb4.16&Prime; global_colors_info=\u00a0\u00bb{}\u00a0\u00bb][dnxte_testimonial_parent dnxte_testimonial_use_icon=\u00a0\u00bbon\u00a0\u00bb dnxte_testimonial_quote_icon=\u00a0\u00bbhttps:\/\/www.elitax.com\/wp-content\/uploads\/2021\/08\/financial-advisor-02ok.png\u00a0\u00bb dnxt_testimonial_autoplay_show_hide=\u00a0\u00bboff\u00a0\u00bb dnxt_testimonial_grab=\u00a0\u00bbon\u00a0\u00bb dnxt_testimonial_arrow_color=\u00a0\u00bb#757DA8&Prime; dnxt_testimonial_dots_color=\u00a0\u00bb#10194A\u00a0\u00bb dnxt_testimonial_dots_active_color=\u00a0\u00bb#757DA8&Prime; dnxt_testimonial_icon_opacity=\u00a0\u00bb1&Prime; dnxt_testimonial_icon_width=\u00a0\u00bb1&Prime; dnxt_testimonial_icon_vertical=\u00a0\u00bb-30&Prime; _builder_version=\u00a0\u00bb4.16&Prime; _module_preset=\u00a0\u00bbdefault\u00a0\u00bb header_font=\u00a0\u00bbDarker Grotesque||||||||\u00a0\u00bb header_text_align=\u00a0\u00bbleft\u00a0\u00bb body_font=\u00a0\u00bbDarker Grotesque|900|||||||\u00a0\u00bb body_font_size=\u00a0\u00bb40px\u00a0\u00bb body_line_height=\u00a0\u00bb1.4em\u00a0\u00bb custom_margin=\u00a0\u00bb||||false|false\u00a0\u00bb custom_padding=\u00a0\u00bb80px||||false|false\u00a0\u00bb body_font_size_tablet=\u00a0\u00bb30px\u00a0\u00bb body_font_size_phone=\u00a0\u00bb24px\u00a0\u00bb body_font_size_last_edited=\u00a0\u00bbon|phone\u00a0\u00bb custom_css_testimonialimage_wrapper=\u00a0\u00bbdisplay:none;\u00a0\u00bb custom_css_testimonialrating_wrapper=\u00a0\u00bbtext-align:left;\u00a0\u00bb global_colors_info=\u00a0\u00bb{}\u00a0\u00bb][dnxte_testimonial_child dnxte_testimonial_name=\u00a0\u00bbJohn Batchelor\u00a0\u00bb dnxte_testimonial_description=\u00a0\u00bb<\/p>\n<p>Merci \u00e0 Elitax d&rsquo;avoir fourni un service aussi simple, amical et efficace. Nous utilisons Elitax depuis 3 ans maintenant et nous n&rsquo;h\u00e9siterons pas \u00e0 les recommander.<\/p>\n<p>\u00a0\u00bb dnxte_testimonial_logo=\u00a0\u00bbdata:image\/svg+xml;base64,PHN2ZyB3aWR0aD0iNTAwIiBoZWlnaHQ9IjUwMCIgdmlld0JveD0iMCAwIDUwMCA1MDAiIHhtbG5zPSJodHRwOi8vd3d3LnczLm9yZy8yMDAwL3N2ZyI+CiAgICA8ZyBmaWxsPSJub25lIiBmaWxsLXJ1bGU9ImV2ZW5vZGQiPgogICAgICAgIDxwYXRoIGZpbGw9IiNFQkVCRUIiIGQ9Ik0wIDBoNTAwdjUwMEgweiIvPgogICAgICAgIDxyZWN0IGZpbGwtb3BhY2l0eT0iLjEiIGZpbGw9IiMwMDAiIHg9IjY4IiB5PSIzMDUiIHdpZHRoPSIzNjQiIGhlaWdodD0iNTY4IiByeD0iMTgyIi8+CiAgICAgICAgPGNpcmNsZSBmaWxsLW9wYWNpdHk9Ii4xIiBmaWxsPSIjMDAwIiBjeD0iMjQ5IiBjeT0iMTcyIiByPSIxMDAiLz4KICAgIDwvZz4KPC9zdmc+Cg==\u00a0\u00bb _builder_version=\u00a0\u00bb4.16&Prime; _module_preset=\u00a0\u00bbdefault\u00a0\u00bb header_font=\u00a0\u00bbDarker Grotesque|800|||||||\u00a0\u00bb header_text_align=\u00a0\u00bbleft\u00a0\u00bb header_text_color=\u00a0\u00bb#10194A\u00a0\u00bb position_text_align=\u00a0\u00bbleft\u00a0\u00bb description_text_align=\u00a0\u00bbleft\u00a0\u00bb description_text_color=\u00a0\u00bb#10194A\u00a0\u00bb custom_css_testimonialtitle_wrapper=\u00a0\u00bbmargin-left:-415px;\u00a0\u00bb global_colors_info=\u00a0\u00bb{}\u00a0\u00bb][\/dnxte_testimonial_child][dnxte_testimonial_child dnxte_testimonial_name=\u00a0\u00bbLuiz Fuchs, President &#038; CEO\u00a0\u00bb dnxte_testimonial_description=\u00a0\u00bb<\/p>\n<p>ELITAX a jou\u00e9 un r\u00f4le fondamental en tant que conseiller fiscal pour notre personnel expatri\u00e9 dans nos op\u00e9rations quotidiennes.<\/p>\n<p>\u00a0\u00bb dnxte_testimonial_logo=\u00a0\u00bbdata:image\/svg+xml;base64,PHN2ZyB3aWR0aD0iNTAwIiBoZWlnaHQ9IjUwMCIgdmlld0JveD0iMCAwIDUwMCA1MDAiIHhtbG5zPSJodHRwOi8vd3d3LnczLm9yZy8yMDAwL3N2ZyI+CiAgICA8ZyBmaWxsPSJub25lIiBmaWxsLXJ1bGU9ImV2ZW5vZGQiPgogICAgICAgIDxwYXRoIGZpbGw9IiNFQkVCRUIiIGQ9Ik0wIDBoNTAwdjUwMEgweiIvPgogICAgICAgIDxyZWN0IGZpbGwtb3BhY2l0eT0iLjEiIGZpbGw9IiMwMDAiIHg9IjY4IiB5PSIzMDUiIHdpZHRoPSIzNjQiIGhlaWdodD0iNTY4IiByeD0iMTgyIi8+CiAgICAgICAgPGNpcmNsZSBmaWxsLW9wYWNpdHk9Ii4xIiBmaWxsPSIjMDAwIiBjeD0iMjQ5IiBjeT0iMTcyIiByPSIxMDAiLz4KICAgIDwvZz4KPC9zdmc+Cg==\u00a0\u00bb _builder_version=\u00a0\u00bb4.16&Prime; _module_preset=\u00a0\u00bbdefault\u00a0\u00bb header_font=\u00a0\u00bbDarker Grotesque|800|||||||\u00a0\u00bb header_text_align=\u00a0\u00bbleft\u00a0\u00bb header_text_color=\u00a0\u00bb#10194A\u00a0\u00bb position_text_align=\u00a0\u00bbleft\u00a0\u00bb description_text_align=\u00a0\u00bbleft\u00a0\u00bb description_text_color=\u00a0\u00bb#10194A\u00a0\u00bb custom_css_testimonialtitle_wrapper=\u00a0\u00bbmargin-left:-415px;\u00a0\u00bb global_colors_info=\u00a0\u00bb{}\u00a0\u00bb][\/dnxte_testimonial_child][\/dnxte_testimonial_parent][\/et_pb_column][\/et_pb_row][\/et_pb_section][et_pb_section fb_built=\u00a0\u00bb1&Prime; disabled_on=\u00a0\u00bbon|on|on\u00a0\u00bb admin_label=\u00a0\u00bbFeatures\u00a0\u00bb _builder_version=\u00a0\u00bb4.16&Prime; background_color=\u00a0\u00bb#10194A\u00a0\u00bb disabled=\u00a0\u00bbon\u00a0\u00bb saved_tabs=\u00a0\u00bball\u00a0\u00bb locked=\u00a0\u00bboff\u00a0\u00bb global_colors_info=\u00a0\u00bb{}\u00a0\u00bb][et_pb_row column_structure=\u00a0\u00bb1_2,1_2&Prime; _builder_version=\u00a0\u00bb4.16&Prime; global_colors_info=\u00a0\u00bb{}\u00a0\u00bb][et_pb_column type=\u00a0\u00bb1_2&Prime; _builder_version=\u00a0\u00bb4.16&Prime; global_colors_info=\u00a0\u00bb{}\u00a0\u00bb][et_pb_text _builder_version=\u00a0\u00bb4.16&Prime; header_2_font=\u00a0\u00bbDarker Grotesque|900|||||||\u00a0\u00bb header_2_font_size=\u00a0\u00bb60px\u00a0\u00bb background_layout=\u00a0\u00bbdark\u00a0\u00bb header_2_font_size_tablet=\u00a0\u00bb42px\u00a0\u00bb header_2_font_size_phone=\u00a0\u00bb30px\u00a0\u00bb header_2_font_size_last_edited=\u00a0\u00bbon|phone\u00a0\u00bb global_colors_info=\u00a0\u00bb{}\u00a0\u00bb]<\/p>\n<h2>Wealth Management Covers All Aspects Of Your Plan<\/h2>\n<p>[\/et_pb_text][\/et_pb_column][et_pb_column type=\u00a0\u00bb1_2&Prime; _builder_version=\u00a0\u00bb4.16&Prime; global_colors_info=\u00a0\u00bb{}\u00a0\u00bb][et_pb_video src=\u00a0\u00bbhttps:\/\/www.youtube.com\/watch?v=FkQuawiGWUw\u00a0\u00bb image_src=\u00a0\u00bbhttps:\/\/www.elitax.com\/wp-content\/uploads\/2021\/10\/financial-advisor-16.jpg\u00a0\u00bb thumbnail_overlay_color=\u00a0\u00bbrgba(0,0,0,0.6)\u00a0\u00bb _builder_version=\u00a0\u00bb4.16&Prime; global_colors_info=\u00a0\u00bb{}\u00a0\u00bb][\/et_pb_video][\/et_pb_column][\/et_pb_row][et_pb_row column_structure=\u00a0\u00bb1_4,1_4,1_4,1_4&Prime; admin_label=\u00a0\u00bbRow\u00a0\u00bb _builder_version=\u00a0\u00bb4.16&Prime; custom_margin=\u00a0\u00bb||||false|false\u00a0\u00bb global_colors_info=\u00a0\u00bb{}\u00a0\u00bb][et_pb_column type=\u00a0\u00bb1_4&Prime; _builder_version=\u00a0\u00bb4.16&Prime; global_colors_info=\u00a0\u00bb{}\u00a0\u00bb][et_pb_text _builder_version=\u00a0\u00bb4.16&Prime; text_font=\u00a0\u00bbDarker Grotesque|800|||||||\u00a0\u00bb text_text_color=\u00a0\u00bb#FBD8C5&Prime; text_font_size=\u00a0\u00bb22px\u00a0\u00bb text_line_height=\u00a0\u00bb1.4em\u00a0\u00bb background_layout=\u00a0\u00bbdark\u00a0\u00bb max_width=\u00a0\u00bb400px\u00a0\u00bb locked=\u00a0\u00bboff\u00a0\u00bb global_colors_info=\u00a0\u00bb{}\u00a0\u00bb]<\/p>\n<p>Proin eget tortor risus. Pellentesque in ipsum id orci porta dapibus. Praesent sapien massa.<\/p>\n<p>[\/et_pb_text][\/et_pb_column][et_pb_column type=\u00a0\u00bb1_4&Prime; _builder_version=\u00a0\u00bb4.16&Prime; global_colors_info=\u00a0\u00bb{}\u00a0\u00bb][et_pb_blurb title=\u00a0\u00bbMauris blandit aliquet elit.\u00a0\u00bb use_icon=\u00a0\u00bbon\u00a0\u00bb font_icon=\u00a0\u00bb&#x4e;||divi||400&Prime; icon_color=\u00a0\u00bb#FBD8C5&Prime; icon_placement=\u00a0\u00bbleft\u00a0\u00bb image_icon_width=\u00a0\u00bb24px\u00a0\u00bb content_max_width=\u00a0\u00bb1100px\u00a0\u00bb _builder_version=\u00a0\u00bb4.16&Prime; header_font=\u00a0\u00bbDarker Grotesque|700|||||||\u00a0\u00bb background_layout=\u00a0\u00bbdark\u00a0\u00bb custom_margin=\u00a0\u00bb||10px||false|false\u00a0\u00bb icon_font_size=\u00a0\u00bb24px\u00a0\u00bb global_colors_info=\u00a0\u00bb{}\u00a0\u00bb][\/et_pb_blurb][et_pb_blurb title=\u00a0\u00bbDonec sollicitudin moles\u00a0\u00bb use_icon=\u00a0\u00bbon\u00a0\u00bb font_icon=\u00a0\u00bb&#x4e;||divi||400&Prime; icon_color=\u00a0\u00bb#FBD8C5&Prime; icon_placement=\u00a0\u00bbleft\u00a0\u00bb image_icon_width=\u00a0\u00bb24px\u00a0\u00bb content_max_width=\u00a0\u00bb1100px\u00a0\u00bb _builder_version=\u00a0\u00bb4.16&Prime; header_font=\u00a0\u00bbDarker Grotesque|700|||||||\u00a0\u00bb background_layout=\u00a0\u00bbdark\u00a0\u00bb custom_margin=\u00a0\u00bb||10px||false|false\u00a0\u00bb icon_font_size=\u00a0\u00bb24px\u00a0\u00bb global_colors_info=\u00a0\u00bb{}\u00a0\u00bb][\/et_pb_blurb][et_pb_blurb title=\u00a0\u00bbVestibulum ante ipsum\u00a0\u00bb use_icon=\u00a0\u00bbon\u00a0\u00bb font_icon=\u00a0\u00bb&#x4e;||divi||400&Prime; icon_color=\u00a0\u00bb#FBD8C5&Prime; icon_placement=\u00a0\u00bbleft\u00a0\u00bb image_icon_width=\u00a0\u00bb24px\u00a0\u00bb content_max_width=\u00a0\u00bb1100px\u00a0\u00bb _builder_version=\u00a0\u00bb4.16&Prime; header_font=\u00a0\u00bbDarker Grotesque|700|||||||\u00a0\u00bb background_layout=\u00a0\u00bbdark\u00a0\u00bb custom_margin=\u00a0\u00bb||10px||false|false\u00a0\u00bb icon_font_size=\u00a0\u00bb24px\u00a0\u00bb global_colors_info=\u00a0\u00bb{}\u00a0\u00bb][\/et_pb_blurb][\/et_pb_column][et_pb_column type=\u00a0\u00bb1_4&Prime; _builder_version=\u00a0\u00bb4.16&Prime; global_colors_info=\u00a0\u00bb{}\u00a0\u00bb][et_pb_blurb title=\u00a0\u00bbCurabitur non nulla sit\u00a0\u00bb use_icon=\u00a0\u00bbon\u00a0\u00bb font_icon=\u00a0\u00bb&#x4e;||divi||400&Prime; icon_color=\u00a0\u00bb#FBD8C5&Prime; icon_placement=\u00a0\u00bbleft\u00a0\u00bb image_icon_width=\u00a0\u00bb24px\u00a0\u00bb content_max_width=\u00a0\u00bb1100px\u00a0\u00bb _builder_version=\u00a0\u00bb4.16&Prime; header_font=\u00a0\u00bbDarker Grotesque|700|||||||\u00a0\u00bb background_layout=\u00a0\u00bbdark\u00a0\u00bb custom_margin=\u00a0\u00bb||10px||false|false\u00a0\u00bb icon_font_size=\u00a0\u00bb24px\u00a0\u00bb global_colors_info=\u00a0\u00bb{}\u00a0\u00bb][\/et_pb_blurb][et_pb_blurb title=\u00a0\u00bbNulla porttitor.\u00a0\u00bb use_icon=\u00a0\u00bbon\u00a0\u00bb font_icon=\u00a0\u00bb&#x4e;||divi||400&Prime; icon_color=\u00a0\u00bb#FBD8C5&Prime; icon_placement=\u00a0\u00bbleft\u00a0\u00bb image_icon_width=\u00a0\u00bb24px\u00a0\u00bb content_max_width=\u00a0\u00bb1100px\u00a0\u00bb _builder_version=\u00a0\u00bb4.16&Prime; header_font=\u00a0\u00bbDarker Grotesque|700|||||||\u00a0\u00bb background_layout=\u00a0\u00bbdark\u00a0\u00bb custom_margin=\u00a0\u00bb||10px||false|false\u00a0\u00bb icon_font_size=\u00a0\u00bb24px\u00a0\u00bb global_colors_info=\u00a0\u00bb{}\u00a0\u00bb][\/et_pb_blurb][\/et_pb_column][et_pb_column type=\u00a0\u00bb1_4&Prime; _builder_version=\u00a0\u00bb4.16&Prime; global_colors_info=\u00a0\u00bb{}\u00a0\u00bb][et_pb_blurb title=\u00a0\u00bbTempus quis ac lectus.\u00a0\u00bb use_icon=\u00a0\u00bbon\u00a0\u00bb font_icon=\u00a0\u00bb&#x4e;||divi||400&Prime; icon_color=\u00a0\u00bb#FBD8C5&Prime; icon_placement=\u00a0\u00bbleft\u00a0\u00bb image_icon_width=\u00a0\u00bb24px\u00a0\u00bb content_max_width=\u00a0\u00bb1100px\u00a0\u00bb _builder_version=\u00a0\u00bb4.16&Prime; header_font=\u00a0\u00bbDarker Grotesque|700|||||||\u00a0\u00bb background_layout=\u00a0\u00bbdark\u00a0\u00bb custom_margin=\u00a0\u00bb||10px||false|false\u00a0\u00bb icon_font_size=\u00a0\u00bb24px\u00a0\u00bb global_colors_info=\u00a0\u00bb{}\u00a0\u00bb][\/et_pb_blurb][et_pb_blurb title=\u00a0\u00bbCurabitur blandit\u00a0\u00bb use_icon=\u00a0\u00bbon\u00a0\u00bb font_icon=\u00a0\u00bb&#x4e;||divi||400&Prime; icon_color=\u00a0\u00bb#FBD8C5&Prime; icon_placement=\u00a0\u00bbleft\u00a0\u00bb image_icon_width=\u00a0\u00bb24px\u00a0\u00bb content_max_width=\u00a0\u00bb1100px\u00a0\u00bb _builder_version=\u00a0\u00bb4.16&Prime; header_font=\u00a0\u00bbDarker Grotesque|700|||||||\u00a0\u00bb background_layout=\u00a0\u00bbdark\u00a0\u00bb custom_margin=\u00a0\u00bb||10px||false|false\u00a0\u00bb icon_font_size=\u00a0\u00bb24px\u00a0\u00bb global_colors_info=\u00a0\u00bb{}\u00a0\u00bb][\/et_pb_blurb][\/et_pb_column][\/et_pb_row][et_pb_row admin_label=\u00a0\u00bbRow\u00a0\u00bb _builder_version=\u00a0\u00bb4.16&Prime; positioning=\u00a0\u00bbabsolute\u00a0\u00bb position_origin_a=\u00a0\u00bbcenter_center\u00a0\u00bb position_origin_a_tablet=\u00a0\u00bb\u00a0\u00bb position_origin_a_phone=\u00a0\u00bb\u00a0\u00bb position_origin_a_last_edited=\u00a0\u00bbon|phone\u00a0\u00bb position_origin_f_tablet=\u00a0\u00bb\u00a0\u00bb position_origin_f_phone=\u00a0\u00bb\u00a0\u00bb position_origin_f_last_edited=\u00a0\u00bbon|phone\u00a0\u00bb position_origin_r_tablet=\u00a0\u00bb\u00a0\u00bb position_origin_r_phone=\u00a0\u00bb\u00a0\u00bb position_origin_r_last_edited=\u00a0\u00bbon|phone\u00a0\u00bb max_width=\u00a0\u00bbnone\u00a0\u00bb positioning_tablet=\u00a0\u00bbrelative\u00a0\u00bb positioning_phone=\u00a0\u00bb\u00a0\u00bb positioning_last_edited=\u00a0\u00bbon|tablet\u00a0\u00bb global_colors_info=\u00a0\u00bb{}\u00a0\u00bb][et_pb_column type=\u00a0\u00bb4_4&Prime; _builder_version=\u00a0\u00bb4.16&Prime; global_colors_info=\u00a0\u00bb{}\u00a0\u00bb][et_pb_text _builder_version=\u00a0\u00bb4.16&Prime; text_font=\u00a0\u00bbDarker Grotesque|900|||||||\u00a0\u00bb text_text_color=\u00a0\u00bbrgba(221,204,184,0.08)\u00a0\u00bb text_font_size=\u00a0\u00bb20vw\u00a0\u00bb text_line_height=\u00a0\u00bb0.8em\u00a0\u00bb scroll_vertical_motion_enable=\u00a0\u00bbon\u00a0\u00bb scroll_vertical_motion=\u00a0\u00bb0|50|50|100|2|0|-2&Prime; scroll_vertical_motion_tablet=\u00a0\u00bb\u00a0\u00bb scroll_vertical_motion_phone=\u00a0\u00bb0|50|50|100|0|0|0&Prime; scroll_vertical_motion_last_edited=\u00a0\u00bbon|phone\u00a0\u00bb global_colors_info=\u00a0\u00bb{}\u00a0\u00bb]<\/p>\n<p>$$$<\/p>\n<p>[\/et_pb_text][\/et_pb_column][\/et_pb_row][\/et_pb_section][et_pb_section fb_built=\u00a0\u00bb1&Prime; admin_label=\u00a0\u00bbCTA\u00a0\u00bb _builder_version=\u00a0\u00bb4.16&Prime; background_color=\u00a0\u00bb#10194A\u00a0\u00bb background_image=\u00a0\u00bbhttps:\/\/www.elitax.com\/wp-content\/uploads\/2021\/10\/financial-advisor-24.png\u00a0\u00bb saved_tabs=\u00a0\u00bball\u00a0\u00bb locked=\u00a0\u00bboff\u00a0\u00bb global_colors_info=\u00a0\u00bb{}\u00a0\u00bb][et_pb_row _builder_version=\u00a0\u00bb4.16&Prime; global_colors_info=\u00a0\u00bb{}\u00a0\u00bb][et_pb_column type=\u00a0\u00bb4_4&Prime; _builder_version=\u00a0\u00bb4.16&Prime; global_colors_info=\u00a0\u00bb{}\u00a0\u00bb][et_pb_text _builder_version=\u00a0\u00bb4.16&Prime; header_2_font=\u00a0\u00bbDarker Grotesque|900|||||||\u00a0\u00bb header_2_font_size=\u00a0\u00bb54px\u00a0\u00bb text_orientation=\u00a0\u00bbcenter\u00a0\u00bb background_layout=\u00a0\u00bbdark\u00a0\u00bb max_width=\u00a0\u00bb700px\u00a0\u00bb module_alignment=\u00a0\u00bbcenter\u00a0\u00bb header_2_font_size_tablet=\u00a0\u00bb42px\u00a0\u00bb header_2_font_size_phone=\u00a0\u00bb30px\u00a0\u00bb header_2_font_size_last_edited=\u00a0\u00bbon|desktop\u00a0\u00bb locked=\u00a0\u00bboff\u00a0\u00bb global_colors_info=\u00a0\u00bb{}\u00a0\u00bb]<\/p>\n<h2>Nous serions ravis de vous aider pour votre imp\u00f4t fran\u00e7ais<\/h2>\n<p>[\/et_pb_text][et_pb_button button_text=\u00a0\u00bbPrendre rendez-vous\u00a0\u00bb button_alignment=\u00a0\u00bbcenter\u00a0\u00bb module_id=\u00a0\u00bboverlay_unique_id_360132&Prime; _builder_version=\u00a0\u00bb4.16&Prime; custom_button=\u00a0\u00bbon\u00a0\u00bb button_text_color=\u00a0\u00bb#283444&Prime; button_bg_color=\u00a0\u00bb#CE9F68&Prime; button_border_color=\u00a0\u00bbrgba(0,0,0,0)\u00a0\u00bb button_border_radius=\u00a0\u00bb0px\u00a0\u00bb button_letter_spacing=\u00a0\u00bb2px\u00a0\u00bb button_font=\u00a0\u00bbDarker Grotesque|900||on|||||\u00a0\u00bb button_use_icon=\u00a0\u00bboff\u00a0\u00bb custom_margin=\u00a0\u00bb50px||||false|false\u00a0\u00bb custom_padding=\u00a0\u00bb15px|40px|15px|40px|true|true\u00a0\u00bb button_text_size_tablet=\u00a0\u00bb20px\u00a0\u00bb button_text_size_phone=\u00a0\u00bb16px\u00a0\u00bb button_text_size_last_edited=\u00a0\u00bbon|phone\u00a0\u00bb locked=\u00a0\u00bboff\u00a0\u00bb global_colors_info=\u00a0\u00bb{}\u00a0\u00bb][\/et_pb_button][\/et_pb_column][\/et_pb_row][\/et_pb_section]<\/p>\n","protected":false},"excerpt":{"rendered":"<p>Depuis le 1er Janvier 2016, la loi fran\u00e7aise a chang\u00e9 pour un ensemble de soci\u00e9t\u00e9s \u00e9trang\u00e8res bas\u00e9es en Europe. Elle concerne les soci\u00e9t\u00e9s \u00e9trang\u00e8res qui vendent des produits et services en France depuis d\u2019autres pays [vente \u00e0 distance].[distance selling] Elle s\u2019applique aussi bien aux ventes normales qu\u2019aux ventes en ligne ou \u00e0 distance. Nouvelles r\u00e8gles [&hellip;]<\/p>\n","protected":false},"author":1,"featured_media":0,"parent":0,"menu_order":0,"comment_status":"closed","ping_status":"closed","template":"","meta":{"_et_pb_use_builder":"on","_et_pb_old_content":"","_et_gb_content_width":"","footnotes":""},"class_list":["post-358670","page","type-page","status-publish","hentry"],"yoast_head":"<!-- This site is optimized with the Yoast SEO plugin v27.2 - https:\/\/yoast.com\/product\/yoast-seo-wordpress\/ -->\n<title>Enregistrement et mise en conformit\u00e9 de la TVA pour les entreprises de l&#039;UE<\/title>\n<meta name=\"description\" content=\"D\u00e9couvrez comment les experts d&#039;Elitax peuvent vous aider avec l&#039;enregistrement et la mise en conformit\u00e9 de la TVA pour votre entreprise bas\u00e9e dans l&#039;UE.\" \/>\n<meta name=\"robots\" content=\"index, follow, max-snippet:-1, max-image-preview:large, max-video-preview:-1\" \/>\n<link rel=\"canonical\" href=\"https:\/\/www.elitax.com\/fr\/immatriculation-tva-francaise-conformite-tva-entreprises-basees-ue\/\" \/>\n<meta property=\"og:locale\" content=\"fr_FR\" \/>\n<meta property=\"og:type\" content=\"article\" \/>\n<meta property=\"og:title\" content=\"Enregistrement et mise en conformit\u00e9 de la TVA pour les entreprises de l&#039;UE\" \/>\n<meta property=\"og:description\" content=\"D\u00e9couvrez comment les experts d&#039;Elitax peuvent vous aider avec l&#039;enregistrement et la mise en conformit\u00e9 de la TVA pour votre entreprise bas\u00e9e dans l&#039;UE.\" \/>\n<meta property=\"og:url\" content=\"https:\/\/www.elitax.com\/fr\/immatriculation-tva-francaise-conformite-tva-entreprises-basees-ue\/\" \/>\n<meta property=\"og:site_name\" content=\"ELITAX\" \/>\n<meta property=\"article:modified_time\" content=\"2025-04-04T10:52:46+00:00\" \/>\n<meta name=\"twitter:card\" content=\"summary_large_image\" \/>\n<meta name=\"twitter:label1\" content=\"Dur\u00e9e de lecture estim\u00e9e\" \/>\n\t<meta name=\"twitter:data1\" content=\"14 minutes\" \/>\n<script type=\"application\/ld+json\" class=\"yoast-schema-graph\">{\"@context\":\"https:\/\/schema.org\",\"@graph\":[{\"@type\":\"WebPage\",\"@id\":\"https:\/\/www.elitax.com\/fr\/immatriculation-tva-francaise-conformite-tva-entreprises-basees-ue\/\",\"url\":\"https:\/\/www.elitax.com\/fr\/immatriculation-tva-francaise-conformite-tva-entreprises-basees-ue\/\",\"name\":\"Enregistrement et mise en conformit\u00e9 de la TVA pour les entreprises de l'UE\",\"isPartOf\":{\"@id\":\"https:\/\/www.elitax.com\/fr\/#website\"},\"datePublished\":\"2021-11-29T15:45:13+00:00\",\"dateModified\":\"2025-04-04T10:52:46+00:00\",\"description\":\"D\u00e9couvrez comment les experts d'Elitax peuvent vous aider avec l'enregistrement et la mise en conformit\u00e9 de la TVA pour votre entreprise bas\u00e9e dans l'UE.\",\"breadcrumb\":{\"@id\":\"https:\/\/www.elitax.com\/fr\/immatriculation-tva-francaise-conformite-tva-entreprises-basees-ue\/#breadcrumb\"},\"inLanguage\":\"fr-FR\",\"potentialAction\":[{\"@type\":\"ReadAction\",\"target\":[\"https:\/\/www.elitax.com\/fr\/immatriculation-tva-francaise-conformite-tva-entreprises-basees-ue\/\"]}]},{\"@type\":\"BreadcrumbList\",\"@id\":\"https:\/\/www.elitax.com\/fr\/immatriculation-tva-francaise-conformite-tva-entreprises-basees-ue\/#breadcrumb\",\"itemListElement\":[{\"@type\":\"ListItem\",\"position\":1,\"name\":\"Accueil\",\"item\":\"https:\/\/www.elitax.com\/fr\/\"},{\"@type\":\"ListItem\",\"position\":2,\"name\":\"Enregistrement et mise en conformit\u00e9 de la TVA pour les entreprises de l&rsquo;UE\"}]},{\"@type\":\"WebSite\",\"@id\":\"https:\/\/www.elitax.com\/fr\/#website\",\"url\":\"https:\/\/www.elitax.com\/fr\/\",\"name\":\"ELITAX\",\"description\":\"One Stop Service for Taxes in France\",\"potentialAction\":[{\"@type\":\"SearchAction\",\"target\":{\"@type\":\"EntryPoint\",\"urlTemplate\":\"https:\/\/www.elitax.com\/fr\/?s={search_term_string}\"},\"query-input\":{\"@type\":\"PropertyValueSpecification\",\"valueRequired\":true,\"valueName\":\"search_term_string\"}}],\"inLanguage\":\"fr-FR\"}]}<\/script>\n<!-- \/ Yoast SEO plugin. -->","yoast_head_json":{"title":"Enregistrement et mise en conformit\u00e9 de la TVA pour les entreprises de l'UE","description":"D\u00e9couvrez comment les experts d'Elitax peuvent vous aider avec l'enregistrement et la mise en conformit\u00e9 de la TVA pour votre entreprise bas\u00e9e dans l'UE.","robots":{"index":"index","follow":"follow","max-snippet":"max-snippet:-1","max-image-preview":"max-image-preview:large","max-video-preview":"max-video-preview:-1"},"canonical":"https:\/\/www.elitax.com\/fr\/immatriculation-tva-francaise-conformite-tva-entreprises-basees-ue\/","og_locale":"fr_FR","og_type":"article","og_title":"Enregistrement et mise en conformit\u00e9 de la TVA pour les entreprises de l'UE","og_description":"D\u00e9couvrez comment les experts d'Elitax peuvent vous aider avec l'enregistrement et la mise en conformit\u00e9 de la TVA pour votre entreprise bas\u00e9e dans l'UE.","og_url":"https:\/\/www.elitax.com\/fr\/immatriculation-tva-francaise-conformite-tva-entreprises-basees-ue\/","og_site_name":"ELITAX","article_modified_time":"2025-04-04T10:52:46+00:00","twitter_card":"summary_large_image","twitter_misc":{"Dur\u00e9e de lecture estim\u00e9e":"14 minutes"},"schema":{"@context":"https:\/\/schema.org","@graph":[{"@type":"WebPage","@id":"https:\/\/www.elitax.com\/fr\/immatriculation-tva-francaise-conformite-tva-entreprises-basees-ue\/","url":"https:\/\/www.elitax.com\/fr\/immatriculation-tva-francaise-conformite-tva-entreprises-basees-ue\/","name":"Enregistrement et mise en conformit\u00e9 de la TVA pour les entreprises de l'UE","isPartOf":{"@id":"https:\/\/www.elitax.com\/fr\/#website"},"datePublished":"2021-11-29T15:45:13+00:00","dateModified":"2025-04-04T10:52:46+00:00","description":"D\u00e9couvrez comment les experts d'Elitax peuvent vous aider avec l'enregistrement et la mise en conformit\u00e9 de la TVA pour votre entreprise bas\u00e9e dans l'UE.","breadcrumb":{"@id":"https:\/\/www.elitax.com\/fr\/immatriculation-tva-francaise-conformite-tva-entreprises-basees-ue\/#breadcrumb"},"inLanguage":"fr-FR","potentialAction":[{"@type":"ReadAction","target":["https:\/\/www.elitax.com\/fr\/immatriculation-tva-francaise-conformite-tva-entreprises-basees-ue\/"]}]},{"@type":"BreadcrumbList","@id":"https:\/\/www.elitax.com\/fr\/immatriculation-tva-francaise-conformite-tva-entreprises-basees-ue\/#breadcrumb","itemListElement":[{"@type":"ListItem","position":1,"name":"Accueil","item":"https:\/\/www.elitax.com\/fr\/"},{"@type":"ListItem","position":2,"name":"Enregistrement et mise en conformit\u00e9 de la TVA pour les entreprises de l&rsquo;UE"}]},{"@type":"WebSite","@id":"https:\/\/www.elitax.com\/fr\/#website","url":"https:\/\/www.elitax.com\/fr\/","name":"ELITAX","description":"One Stop Service for Taxes in France","potentialAction":[{"@type":"SearchAction","target":{"@type":"EntryPoint","urlTemplate":"https:\/\/www.elitax.com\/fr\/?s={search_term_string}"},"query-input":{"@type":"PropertyValueSpecification","valueRequired":true,"valueName":"search_term_string"}}],"inLanguage":"fr-FR"}]}},"_links":{"self":[{"href":"https:\/\/www.elitax.com\/fr\/wp-json\/wp\/v2\/pages\/358670","targetHints":{"allow":["GET"]}}],"collection":[{"href":"https:\/\/www.elitax.com\/fr\/wp-json\/wp\/v2\/pages"}],"about":[{"href":"https:\/\/www.elitax.com\/fr\/wp-json\/wp\/v2\/types\/page"}],"author":[{"embeddable":true,"href":"https:\/\/www.elitax.com\/fr\/wp-json\/wp\/v2\/users\/1"}],"replies":[{"embeddable":true,"href":"https:\/\/www.elitax.com\/fr\/wp-json\/wp\/v2\/comments?post=358670"}],"version-history":[{"count":0,"href":"https:\/\/www.elitax.com\/fr\/wp-json\/wp\/v2\/pages\/358670\/revisions"}],"wp:attachment":[{"href":"https:\/\/www.elitax.com\/fr\/wp-json\/wp\/v2\/media?parent=358670"}],"curies":[{"name":"wp","href":"https:\/\/api.w.org\/{rel}","templated":true}]}}